{"id":827,"date":"2026-04-30T12:57:47","date_gmt":"2026-04-30T10:57:47","guid":{"rendered":"https:\/\/wp.ecole-ndlc.be\/?page_id=827"},"modified":"2026-04-30T12:57:47","modified_gmt":"2026-04-30T10:57:47","slug":"fete-des-enfants-6-juin-2026","status":"publish","type":"page","link":"https:\/\/wp.ecole-ndlc.be\/index.php\/fete-des-enfants-6-juin-2026\/","title":{"rendered":"F\u00eate des enfants 6 juin 2026"},"content":{"rendered":"\n<p>\ud83c\udfac\u2728 <strong>Action\u2026 \u00e7a tourne ! La f\u00eate des enfants arrive !<\/strong><\/p>\n\n\n\n<figure class=\"wp-block-pullquote\"><blockquote><p>\ud83c\udf9e\ufe0f <em>\u201cUne journ\u00e9e magique, des \u00e9toiles plein les yeux\u2026 et vous au c\u0153ur du film !\u201d<\/em><\/p><\/blockquote><\/figure>\n\n\n\n<p>Pr\u00e9parez le pop-corn \ud83c\udf7f et sortez vos plus beaux costumes\u2026 Cette ann\u00e9e, notre grande f\u00eate des enfants se transforme en v\u00e9ritable plateau de cin\u00e9ma !<\/p>\n\n\n\n<p>\ud83d\udcc5 <strong>Rendez-vous le samedi 6 juin 2026 de 11h00 \u00e0 17h30<\/strong> pour une journ\u00e9e pleine de magie, de rires et de surprises !<\/p>\n\n\n\n<div class=\"wp-block-buttons alignwide is-content-justification-center is-layout-flex wp-container-core-buttons-is-layout-16018d1d wp-block-buttons-is-layout-flex\">\n<div class=\"wp-block-button\"><a class=\"wp-block-button__link wp-element-button\" href=\"https:\/\/ecole-ndlc.sumupstore.com\/produits?page=1\">Je commande en pr\u00e9vente<\/a><\/div>\n\n\n\n<div class=\"wp-block-button\"><a class=\"wp-block-button__link wp-element-button\" href=\"https:\/\/forms.cloud.microsoft\/e\/2VRUrmDu3p\">Je donne un coup de main <\/a><\/div>\n<\/div>\n\n\n\n<p>\ud83c\udfad Les enfants monteront sur sc\u00e8ne pour un spectacle haut en couleur\u2026 version grand \u00e9cran !<br>Apr\u00e8s le show, place \u00e0 la f\u00eate :<br>\ud83c\udfa1 stands de jeux<br>\ud83c\udfa8 maquillage<br>\ud83c\udf6d douceurs sucr\u00e9es<br>\ud83c\udff0 ch\u00e2teaux gonflables<br>\ud83c\udf81 et plein de surprises \u00e0 gagner !<\/p>\n\n\n\n<p>\ud83c\udf9f\ufe0f <strong>La tombola est de retour !<\/strong><br>Encore une belle occasion de tenter votre chance et de repartir avec de super lots \ud83c\udf81<\/p>\n\n\n\n<p>\ud83c\udf54 Pour reprendre des forces entre deux aventures, un espace restauration sera disponible (<a href=\"https:\/\/ecole-ndlc.sumupstore.com\/produits?page=1\" data-type=\"link\" data-id=\"https:\/\/ecole-ndlc.sumupstore.com\/produits?page=1\">pr\u00e9commande conseill\u00e9e<\/a> pour \u00e9viter les files dignes d\u2019un blockbuster \ud83d\ude09). <\/p>\n\n\n\n<p>\ud83d\udc9b Cette journ\u00e9e ne serait pas la m\u00eame sans vous ! Nous faisons<a href=\"https:\/\/forms.cloud.microsoft\/e\/2VRUrmDu3p\" data-type=\"link\" data-id=\"https:\/\/forms.cloud.microsoft\/e\/2VRUrmDu3p\"> appel aux parents volontaires<\/a> pour donner un coup de main sur les stands et faire de cet \u00e9v\u00e9nement un moment inoubliable pour tous les enfants.<\/p>\n\n\n\n<p>\ud83c\udfa5 Une seule mission : partager ensemble une journ\u00e9e festive, conviviale et pleine d\u2019\u00e9motions !<\/p>\n\n\n\n<p>Alors\u2026 pr\u00eats \u00e0 entrer dans la lumi\u00e8re des projecteurs ? \ud83c\udf1f<\/p>\n\n\n\n<p><\/p>\n","protected":false},"excerpt":{"rendered":"<p>\ud83c\udfac\u2728 Action\u2026 \u00e7a tourne ! La f\u00eate des enfants arrive ! \ud83c\udf9e\ufe0f \u201cUne journ\u00e9e magique, [&hellip;]<\/p>\n","protected":false},"author":2,"featured_media":0,"parent":0,"menu_order":0,"comment_status":"closed","ping_status":"closed","template":"","meta":{"footnotes":""},"class_list":["post-827","page","type-page","status-publish","hentry"],"_links":{"self":[{"href":"https:\/\/wp.ecole-ndlc.be\/index.php\/wp-json\/wp\/v2\/pages\/827","targetHints":{"allow":["GET"]}}],"collection":[{"href":"https:\/\/wp.ecole-ndlc.be\/index.php\/wp-json\/wp\/v2\/pages"}],"about":[{"href":"https:\/\/wp.ecole-ndlc.be\/index.php\/wp-json\/wp\/v2\/types\/page"}],"author":[{"embeddable":true,"href":"https:\/\/wp.ecole-ndlc.be\/index.php\/wp-json\/wp\/v2\/users\/2"}],"replies":[{"embeddable":true,"href":"https:\/\/wp.ecole-ndlc.be\/index.php\/wp-json\/wp\/v2\/comments?post=827"}],"version-history":[{"count":1,"href":"https:\/\/wp.ecole-ndlc.be\/index.php\/wp-json\/wp\/v2\/pages\/827\/revisions"}],"predecessor-version":[{"id":828,"href":"https:\/\/wp.ecole-ndlc.be\/index.php\/wp-json\/wp\/v2\/pages\/827\/revisions\/828"}],"wp:attachment":[{"href":"https:\/\/wp.ecole-ndlc.be\/index.php\/wp-json\/wp\/v2\/media?parent=827"}],"curies":[{"name":"wp","href":"https:\/\/api.w.org\/{rel}","templated":true}]}}