{"id":559,"date":"2025-09-09T21:25:34","date_gmt":"2025-09-09T19:25:34","guid":{"rendered":"https:\/\/wp.ecole-ndlc.be\/?page_id=559"},"modified":"2026-03-07T23:12:12","modified_gmt":"2026-03-07T22:12:12","slug":"nos-fetes","status":"publish","type":"page","link":"https:\/\/wp.ecole-ndlc.be\/index.php\/nos-fetes\/","title":{"rendered":"Nos f\u00eates"},"content":{"rendered":"\n<h3 class=\"wp-block-heading\">\ud83c\udf89 Nos f\u00eates d\u2019\u00e9cole : des moments \u00e0 partager ! \ud83c\udf89<\/h3>\n\n\n\n<p>Tout au long de l\u2019ann\u00e9e, notre \u00e9cole s\u2019anime et vous invite \u00e0 partager des instants chaleureux et gourmands :<br>\ud83e\udd50 <strong>3 petits d\u00e9jeuners<\/strong> pour bien commencer la journ\u00e9e<br>\ud83c\udf6a <strong>Des go\u00fbters<\/strong> savoureux<br>\ud83d\udc68\u200d\ud83d\udc69\u200d\ud83d\udc67 <strong>La f\u00eate des familles<\/strong> pour se retrouver tous ensemble<br>\ud83e\uddc0 <strong>Un souper raclette<\/strong> convivial et gourmand<br>\ud83c\udf88 <strong>La f\u00eate des enfants<\/strong> pleine de rires et de surprises !<\/p>\n\n\n\n<p>Ces rendez-vous sont plus que de simples moments festifs :<br>\u2728 Ils cr\u00e9ent des souvenirs communs<br>\u2728 Ils renforcent les liens entre enfants, parents et enseignants<br>\u2728 Ils nous permettent de r\u00e9colter des fonds pr\u00e9cieux pour financer de beaux projets et am\u00e9liorer les espaces de vie de nos \u00e9l\u00e8ves.<\/p>\n\n\n\n<p>\ud83d\udc9b Votre pr\u00e9sence et votre soutien sont essentiels : ensemble, faisons vivre notre \u00e9cole !<\/p>\n\n\n\n<p>Des moments pour se retrouver, partager et soutenir les projets de notre \u00e9cole.<\/p>\n\n\n\n<h2 class=\"wp-block-heading\">Petit d\u00e9jeuner du 27 mars 2026 <\/h2>\n\n\n\n<div class=\"wp-block-buttons is-layout-flex wp-block-buttons-is-layout-flex\">\n<div class=\"wp-block-button\"><a class=\"wp-block-button__link wp-element-button\" href=\"https:\/\/wp.ecole-ndlc.be\/index.php\/2025\/09\/09\/petit-dejeuner-du-23-septembre-2025\/\">Toutes les infos ici<\/a><\/div>\n<\/div>\n\n\n\n<p><\/p>\n\n\n\n<div class=\"wp-block-media-text has-media-on-the-right is-stacked-on-mobile\" style=\"grid-template-columns:auto 37%\"><div class=\"wp-block-media-text__content\">\n<h2 class=\"wp-block-heading\">\ud83d\udeb6\u200d\u2642\ufe0f <mark style=\"background-color:rgba(0, 0, 0, 0)\" class=\"has-inline-color has-blue-color\">Tous en marche pour notre \u00e9cole !<\/mark><\/h2>\n\n\n\n<h3 class=\"wp-block-heading has-text-align-center\"><mark style=\"background-color:rgba(0, 0, 0, 0)\" class=\"has-inline-color has-red-color\">Mercredi 22 avril 2026<\/mark><\/h3>\n\n\n\n<p>Depuis plusieurs ann\u00e9es, les \u00e9l\u00e8ves de l\u2019\u00e9cole se mobilisent pour <strong>embellir leur \u00e9cole<\/strong> gr\u00e2ce \u00e0 une grande <strong>marche parrain\u00e9e<\/strong> organis\u00e9e dans le quartier.<\/p>\n\n\n\n<p><\/p>\n\n\n\n<p>Les \u00e9l\u00e8ves se font parrainer par leur famille, leurs amis ou leurs voisins afin de r\u00e9colter des fonds pour am\u00e9liorer leur environnement scolaire.<\/p>\n\n\n\n<div class=\"wp-block-buttons alignwide is-content-justification-center is-layout-flex wp-container-core-buttons-is-layout-16018d1d wp-block-buttons-is-layout-flex\">\n<div class=\"wp-block-button\"><a class=\"wp-block-button__link wp-element-button\" href=\"https:\/\/wp.ecole-ndlc.be\/index.php\/2026\/03\/07\/marche-parrainee\/\">T<strong><em>outes les infos ici<\/em><\/strong><\/a><\/div>\n<\/div>\n<\/div><figure class=\"wp-block-media-text__media\"><img loading=\"lazy\" decoding=\"async\" width=\"681\" height=\"1024\" src=\"https:\/\/wp.ecole-ndlc.be\/wp-content\/uploads\/2026\/03\/Afficge-marche-parrainee2026-1-681x1024.png\" alt=\"\" class=\"wp-image-790 size-full\" srcset=\"https:\/\/wp.ecole-ndlc.be\/wp-content\/uploads\/2026\/03\/Afficge-marche-parrainee2026-1-681x1024.png 681w, https:\/\/wp.ecole-ndlc.be\/wp-content\/uploads\/2026\/03\/Afficge-marche-parrainee2026-1-200x300.png 200w, https:\/\/wp.ecole-ndlc.be\/wp-content\/uploads\/2026\/03\/Afficge-marche-parrainee2026-1-768x1155.png 768w, https:\/\/wp.ecole-ndlc.be\/wp-content\/uploads\/2026\/03\/Afficge-marche-parrainee2026-1-1021x1536.png 1021w, https:\/\/wp.ecole-ndlc.be\/wp-content\/uploads\/2026\/03\/Afficge-marche-parrainee2026-1-1362x2048.png 1362w, https:\/\/wp.ecole-ndlc.be\/wp-content\/uploads\/2026\/03\/Afficge-marche-parrainee2026-1-scaled.png 1702w\" sizes=\"auto, (max-width: 681px) 100vw, 681px\" \/><\/figure><\/div>\n\n\n\n<h2 class=\"wp-block-heading has-blue-background-color has-background has-huge-font-size\" style=\"font-style:normal;font-weight:800\">Nos anciennes f\u00eates&#8230; <\/h2>\n\n\n\n<h3 class=\"wp-block-heading has-larger-font-size\">\ud83e\uddc0\ud83d\udd25 Souper Raclette \u2013 Une soir\u00e9e pour toute la famille de l\u2019\u00e9cole \ud83d\udd25\ud83e\uddc0<\/h3>\n\n\n\n<p>L\u2019\u00c9cole Notre-Dame de la Consolation est heureuse de rassembler <strong>toute sa grande famille<\/strong> \u2014 parents actuels, anciens \u00e9l\u00e8ves, futurs parents, amis et sympathisants de l\u2019\u00e9cole \u2014 \u00e0 l\u2019occasion d\u2019une <strong>soir\u00e9e raclette conviviale et festive<\/strong>, organis\u00e9e au c\u0153ur m\u00eame de l\u2019\u00e9cole.<\/p>\n\n\n\n<p>Ce souper est bien plus qu\u2019un simple repas : c\u2019est un <strong>moment de rencontre, de partage et de retrouvailles<\/strong>, l\u2019occasion de cr\u00e9er des liens, d\u2019\u00e9changer, de faire d\u00e9couvrir l\u2019\u00e9cole \u00e0 ceux qui la rejoindront demain, et de permettre aux anciens de <strong>revenir l\u00e0 o\u00f9 tant de souvenirs ont pris naissance<\/strong>.<\/p>\n\n\n\n<p>Dans une ambiance chaleureuse et d\u00e9tendue, venez <strong>partager une d\u00e9licieuse raclette<\/strong>, lever votre verre, visiter l\u2019\u00e9cole et profiter d\u2019un moment simple et authentique, fid\u00e8le \u00e0 l\u2019esprit qui anime notre \u00e9tablissement.<\/p>\n\n\n\n<p>Que vous connaissiez l\u2019\u00e9cole depuis toujours ou que vous envisagiez de la d\u00e9couvrir, <strong>vous \u00eates les bienvenus<\/strong>.<br>Nous nous r\u00e9jouissons de vous accueillir nombreux pour faire de cette soir\u00e9e un <strong>temps fort de convivialit\u00e9 et de rencontre<\/strong> pour toute la communaut\u00e9 scolaire.<\/p>\n\n\n\n<p>\ud83d\udc49 <strong>Invitez vos amis<\/strong>, venez rire, discuter, revisiter les couloirs de votre enfance et <strong>partager un moment unique l\u00e0 o\u00f9 tout a commenc\u00e9<\/strong>.<\/p>\n\n\n\n<p>\ud83d\udccd <strong>Grande salle de l\u2019\u00e9cole<\/strong><br>             \ud83d\udcc5 <strong>Vendredi 6 f\u00e9vrier 2026<\/strong><br>            \ud83d\udd61 <strong>D\u00e8s 18h30<\/strong><br>            \ud83c\udf79 Ap\u00e9ro &amp; visite de l\u2019\u00e9cole<br>            \ud83e\uddc0 <strong>19h00 : Souper raclette \u00e0 volont\u00e9 de bonne humeur !<\/strong><\/p>\n\n\n\n<p>                        Au menu :<br>                        \ud83e\udd54 Raclette traditionnelle<br>                        \ud83e\udd69 Charcuteries &amp; crudit\u00e9s (option halal possible)<br>                        \ud83c\udf77 Vins soigneusement s\u00e9lectionn\u00e9s<br>             \ud83d\ude0b Et surtout\u2026 une ambiance conviviale et festive ! !<\/p>\n\n\n\n<p>\u26a0\ufe0f <strong>Attention, les places sont limit\u00e9es !<\/strong><br><a href=\"https:\/\/forms.office.com\/e\/WxvECWHEuS\">\ud83d\udccc <strong>R\u00e9servation obligatoire avant le lundi 26 janvier 2026<\/strong><\/a><\/p>\n\n\n\n<div class=\"wp-block-buttons is-content-justification-center is-layout-flex wp-container-core-buttons-is-layout-16018d1d wp-block-buttons-is-layout-flex\">\n<div class=\"wp-block-button\"><a class=\"wp-block-button__link wp-element-button\" href=\"https:\/\/wp.ecole-ndlc.be\/index.php\/2025\/11\/02\/souper-raclette-6-02-2026\/\">Toutes les infos ici<\/a><\/div>\n<\/div>\n\n\n\n<div class=\"wp-block-media-text is-stacked-on-mobile\"><figure class=\"wp-block-media-text__media\"><img loading=\"lazy\" decoding=\"async\" width=\"1024\" height=\"721\" src=\"https:\/\/wp.ecole-ndlc.be\/wp-content\/uploads\/2025\/09\/Affiche-petit-dejeuner-1024x721.jpg\" alt=\"\" class=\"wp-image-551 size-full\" srcset=\"https:\/\/wp.ecole-ndlc.be\/wp-content\/uploads\/2025\/09\/Affiche-petit-dejeuner-1024x721.jpg 1024w, https:\/\/wp.ecole-ndlc.be\/wp-content\/uploads\/2025\/09\/Affiche-petit-dejeuner-300x211.jpg 300w, https:\/\/wp.ecole-ndlc.be\/wp-content\/uploads\/2025\/09\/Affiche-petit-dejeuner-768x541.jpg 768w, https:\/\/wp.ecole-ndlc.be\/wp-content\/uploads\/2025\/09\/Affiche-petit-dejeuner-1536x1081.jpg 1536w, https:\/\/wp.ecole-ndlc.be\/wp-content\/uploads\/2025\/09\/Affiche-petit-dejeuner-2048x1441.jpg 2048w\" sizes=\"auto, (max-width: 1024px) 100vw, 1024px\" \/><\/figure><div class=\"wp-block-media-text__content\">\n<p>\ud83d\udccc <strong>Premi\u00e8re date \u00e0 retenir : mardi 23 septembre \u2013 Petit d\u00e9jeuner chaleureux !<\/strong> <\/p>\n\n\n\n<div class=\"wp-block-buttons is-layout-flex wp-block-buttons-is-layout-flex\">\n<div class=\"wp-block-button has-custom-width wp-block-button__width-100\"><a class=\"wp-block-button__link wp-element-button\" href=\"https:\/\/wp.ecole-ndlc.be\/index.php\/2025\/09\/09\/petit-dejeuner-du-23-septembre-2025\/\"><strong>Toutes les infos ici<\/strong><\/a><\/div>\n<\/div>\n<\/div><\/div>\n\n\n\n<div class=\"wp-block-media-text has-media-on-the-right is-stacked-on-mobile\"><div class=\"wp-block-media-text__content\">\n<p class=\"has-regular-font-size\">\u2728 <strong>Souper des familles\u2728<\/strong><\/p>\n\n\n\n<p><strong> Vendredi 10 octobre 2025<\/strong> \u2728<\/p>\n\n\n\n<p>Parents, enfants et enseignants, retrouvons-nous pour partager un moment convivial autour d\u2019un bon repas et de la traditionnelle \u00ab boum des enfants \u00bb \ud83d\udd7a\ud83d\udc83 !<\/p>\n\n\n\n<p>\ud83d\udccd Salle des f\u00eates \u2013 d\u00e8s 18h30<br>\ud83c\udf74 Formules repas adulte (4 \u20ac) &amp; enfant (2 \u20ac)<br>\ud83c\udf89 Une belle occasion de se rencontrer et de f\u00eater ensemble la nouvelle ann\u00e9e scolaire !<\/p>\n\n\n\n<p>On vous attend nombreux pour une soir\u00e9e chaleureuse et festive \ud83c\udf1f<\/p>\n<\/div><figure class=\"wp-block-media-text__media\"><img loading=\"lazy\" decoding=\"async\" width=\"1024\" height=\"1024\" src=\"https:\/\/wp.ecole-ndlc.be\/wp-content\/uploads\/2025\/09\/Souper-des-familles-10102025-1024x1024.png\" alt=\"\" class=\"wp-image-565 size-full\" srcset=\"https:\/\/wp.ecole-ndlc.be\/wp-content\/uploads\/2025\/09\/Souper-des-familles-10102025-1024x1024.png 1024w, https:\/\/wp.ecole-ndlc.be\/wp-content\/uploads\/2025\/09\/Souper-des-familles-10102025-300x300.png 300w, https:\/\/wp.ecole-ndlc.be\/wp-content\/uploads\/2025\/09\/Souper-des-familles-10102025-150x150.png 150w, https:\/\/wp.ecole-ndlc.be\/wp-content\/uploads\/2025\/09\/Souper-des-familles-10102025-768x768.png 768w, https:\/\/wp.ecole-ndlc.be\/wp-content\/uploads\/2025\/09\/Souper-des-familles-10102025-1536x1536.png 1536w, https:\/\/wp.ecole-ndlc.be\/wp-content\/uploads\/2025\/09\/Souper-des-familles-10102025.png 1654w\" sizes=\"auto, (max-width: 1024px) 100vw, 1024px\" \/><\/figure><\/div>\n\n\n\n<div class=\"wp-block-buttons is-layout-flex wp-block-buttons-is-layout-flex\">\n<div class=\"wp-block-button\"><a class=\"wp-block-button__link wp-element-button\" href=\"https:\/\/wp.ecole-ndlc.be\/index.php\/2025\/09\/16\/souper-des-familles\/\">Toutes les infos du souper des familles ici !<\/a><\/div>\n<\/div>\n","protected":false},"excerpt":{"rendered":"<p>\ud83c\udf89 Nos f\u00eates d\u2019\u00e9cole : des moments \u00e0 partager ! \ud83c\udf89 Tout au long de [&hellip;]<\/p>\n","protected":false},"author":2,"featured_media":0,"parent":0,"menu_order":0,"comment_status":"closed","ping_status":"closed","template":"","meta":{"footnotes":""},"class_list":["post-559","page","type-page","status-publish","hentry"],"_links":{"self":[{"href":"https:\/\/wp.ecole-ndlc.be\/index.php\/wp-json\/wp\/v2\/pages\/559","targetHints":{"allow":["GET"]}}],"collection":[{"href":"https:\/\/wp.ecole-ndlc.be\/index.php\/wp-json\/wp\/v2\/pages"}],"about":[{"href":"https:\/\/wp.ecole-ndlc.be\/index.php\/wp-json\/wp\/v2\/types\/page"}],"author":[{"embeddable":true,"href":"https:\/\/wp.ecole-ndlc.be\/index.php\/wp-json\/wp\/v2\/users\/2"}],"replies":[{"embeddable":true,"href":"https:\/\/wp.ecole-ndlc.be\/index.php\/wp-json\/wp\/v2\/comments?post=559"}],"version-history":[{"count":17,"href":"https:\/\/wp.ecole-ndlc.be\/index.php\/wp-json\/wp\/v2\/pages\/559\/revisions"}],"predecessor-version":[{"id":803,"href":"https:\/\/wp.ecole-ndlc.be\/index.php\/wp-json\/wp\/v2\/pages\/559\/revisions\/803"}],"wp:attachment":[{"href":"https:\/\/wp.ecole-ndlc.be\/index.php\/wp-json\/wp\/v2\/media?parent=559"}],"curies":[{"name":"wp","href":"https:\/\/api.w.org\/{rel}","templated":true}]}}