{"id":505,"date":"2025-09-01T20:48:10","date_gmt":"2025-09-01T18:48:10","guid":{"rendered":"https:\/\/wp.ecole-ndlc.be\/?page_id=505"},"modified":"2026-03-06T09:56:22","modified_gmt":"2026-03-06T08:56:22","slug":"inscription","status":"publish","type":"page","link":"https:\/\/wp.ecole-ndlc.be\/index.php\/inscription\/","title":{"rendered":"INSCRIPTION"},"content":{"rendered":"\n<figure class=\"wp-block-image size-large\"><a href=\"https:\/\/forms.office.com\/Pages\/ResponsePage.aspx?id=oNIGC54yZkW1xWpdMSaNNbFxfcZ1nghCklgT_XUMIrVUNlFZS1lZSVhUUVlVRDZTMzU2NUJGWENTWS4u\"><img loading=\"lazy\" decoding=\"async\" width=\"1024\" height=\"576\" src=\"https:\/\/wp.ecole-ndlc.be\/wp-content\/uploads\/2026\/03\/2026.-Inscription-ouverte-Site-Web-1-1024x576.png\" alt=\"\" class=\"wp-image-782\" srcset=\"https:\/\/wp.ecole-ndlc.be\/wp-content\/uploads\/2026\/03\/2026.-Inscription-ouverte-Site-Web-1-1024x576.png 1024w, https:\/\/wp.ecole-ndlc.be\/wp-content\/uploads\/2026\/03\/2026.-Inscription-ouverte-Site-Web-1-300x169.png 300w, https:\/\/wp.ecole-ndlc.be\/wp-content\/uploads\/2026\/03\/2026.-Inscription-ouverte-Site-Web-1-768x432.png 768w, https:\/\/wp.ecole-ndlc.be\/wp-content\/uploads\/2026\/03\/2026.-Inscription-ouverte-Site-Web-1.png 1366w\" sizes=\"auto, (max-width: 1024px) 100vw, 1024px\" \/><\/a><\/figure>\n\n\n\n<p class=\"has-pink-background-color has-text-color has-background has-link-color has-regular-font-size wp-elements-f1c1a8817bd98504c591e716604617da\" style=\"color:#ffffff;font-style:normal;font-weight:700\">1.&nbsp;<strong>En ligne<\/strong>: compl\u00e9ter le formulaire&nbsp;\u00ab\u00a0<strong><a href=\"https:\/\/forms.office.com\/e\/Q6iUaRFzyj\">DEMANDE D&rsquo;INSCRIPTION<\/a><\/strong>\u00a0\u00bb en<a href=\"https:\/\/forms.office.com\/e\/Q6iUaRFzyj\">&nbsp;<strong>cliquant ici<\/strong><\/a>.<\/p>\n\n\n\n<p class=\"has-pink-background-color has-text-color has-background has-link-color has-regular-font-size wp-elements-902270e6116628075f916f4ac2671c5c\" style=\"color:#ffffff;font-style:normal;font-weight:700\">\u200b2.&nbsp;<strong>\u00c0 l&rsquo;\u00e9cole<\/strong>: appeler le&nbsp;<strong>02\/376.19.70<\/strong>&nbsp;pour un rendez-vous.<\/p>\n\n\n\n<p>\u200b<\/p>\n\n\n\n<ul class=\"wp-block-list\">\n<li>SI inscription&nbsp;<strong>imm\u00e9diate<\/strong>: l&rsquo;\u00e9cole vous contacte dans les&nbsp;<em>48 heures<\/em>.<\/li>\n\n\n\n<li>SI inscription&nbsp;<strong>ann\u00e9e scolaire prochaine<\/strong>: l&rsquo;\u00e9cole vous contacte entre&nbsp;<em>mai et septembre<\/em>.<br><\/li>\n<\/ul>\n\n\n\n<div class=\"wp-block-media-text has-media-on-the-right is-stacked-on-mobile\" style=\"grid-template-columns:auto 15%\"><div class=\"wp-block-media-text__content\">\n<p class=\"has-pink-color has-text-color has-link-color has-larger-font-size wp-elements-e7050b9bf0c474bf46e67d1d3e61d4c6\" style=\"font-style:normal;font-weight:100\">                     <strong>un rendez-vous est fix\u00e9<\/strong>.<\/p>\n<\/div><figure class=\"wp-block-media-text__media\"><img loading=\"lazy\" decoding=\"async\" width=\"8533\" height=\"8533\" src=\"https:\/\/wp.ecole-ndlc.be\/wp-content\/uploads\/2025\/09\/Fleche-en-tirbouchons-1.png\" alt=\"\" class=\"wp-image-512 size-full\"\/><\/figure><\/div>\n\n\n\n<p>\u200b<\/p>\n\n\n\n<p>\u200b<\/p>\n\n\n\n<p><strong>\u00c0 prendre au rendez-vous<\/strong>:<\/p>\n\n\n\n<ul class=\"wp-block-list\">\n<li><strong>ca<\/strong><strong>rtes d&rsquo;indent\u00e9 ou passeports (parents et enfants)<\/strong>.<\/li>\n\n\n\n<li>bulletin(s) de l&rsquo;enfant.<\/li>\n\n\n\n<li><strong>composition de m\u00e9nage<\/strong>&nbsp;(donn\u00e9e par la commune).<\/li>\n\n\n\n<li>document \u00ab\u00a0changement d&rsquo;\u00e9cole\u00a0\u00bb, si changement d&rsquo;\u00e9cole durant l&rsquo;ann\u00e9e acad\u00e9mique (donn\u00e9e par une \u00e9cole belge).<\/li>\n\n\n\n<li>le ou les enfants \u00e0 inscrire pour faire connaissance.<\/li>\n\n\n\n<li><strong>une vignette de mutuelle<\/strong>&nbsp;de l&rsquo;enfant.<\/li>\n<\/ul>\n\n\n\n<p>=&gt; N&rsquo;h\u00e9sitez pas \u00e0 nous&nbsp;<strong>contacter<\/strong>&nbsp;si vous avez des questions.\u200b<\/p>\n\n\n\n<p><strong>Pour l&rsquo;ann\u00e9e scolaire 2025 &#8211; 2026<\/strong><\/p>\n\n\n\n<p>\u200b<\/p>\n\n\n\n<figure class=\"wp-block-image size-full\"><img loading=\"lazy\" decoding=\"async\" width=\"429\" height=\"452\" src=\"https:\/\/wp.ecole-ndlc.be\/wp-content\/uploads\/2025\/09\/Capture-decran-2025-09-03-144414.jpg\" alt=\"\" class=\"wp-image-532\" srcset=\"https:\/\/wp.ecole-ndlc.be\/wp-content\/uploads\/2025\/09\/Capture-decran-2025-09-03-144414.jpg 429w, https:\/\/wp.ecole-ndlc.be\/wp-content\/uploads\/2025\/09\/Capture-decran-2025-09-03-144414-285x300.jpg 285w\" sizes=\"auto, (max-width: 429px) 100vw, 429px\" \/><\/figure>\n","protected":false},"excerpt":{"rendered":"<p>1.&nbsp;En ligne: compl\u00e9ter le formulaire&nbsp;\u00ab\u00a0DEMANDE D&rsquo;INSCRIPTION\u00a0\u00bb en&nbsp;cliquant ici. \u200b2.&nbsp;\u00c0 l&rsquo;\u00e9cole: appeler le&nbsp;02\/376.19.70&nbsp;pour un rendez-vous. \u200b [&hellip;]<\/p>\n","protected":false},"author":2,"featured_media":0,"parent":0,"menu_order":0,"comment_status":"closed","ping_status":"closed","template":"","meta":{"footnotes":""},"class_list":["post-505","page","type-page","status-publish","hentry"],"_links":{"self":[{"href":"https:\/\/wp.ecole-ndlc.be\/index.php\/wp-json\/wp\/v2\/pages\/505","targetHints":{"allow":["GET"]}}],"collection":[{"href":"https:\/\/wp.ecole-ndlc.be\/index.php\/wp-json\/wp\/v2\/pages"}],"about":[{"href":"https:\/\/wp.ecole-ndlc.be\/index.php\/wp-json\/wp\/v2\/types\/page"}],"author":[{"embeddable":true,"href":"https:\/\/wp.ecole-ndlc.be\/index.php\/wp-json\/wp\/v2\/users\/2"}],"replies":[{"embeddable":true,"href":"https:\/\/wp.ecole-ndlc.be\/index.php\/wp-json\/wp\/v2\/comments?post=505"}],"version-history":[{"count":6,"href":"https:\/\/wp.ecole-ndlc.be\/index.php\/wp-json\/wp\/v2\/pages\/505\/revisions"}],"predecessor-version":[{"id":785,"href":"https:\/\/wp.ecole-ndlc.be\/index.php\/wp-json\/wp\/v2\/pages\/505\/revisions\/785"}],"wp:attachment":[{"href":"https:\/\/wp.ecole-ndlc.be\/index.php\/wp-json\/wp\/v2\/media?parent=505"}],"curies":[{"name":"wp","href":"https:\/\/api.w.org\/{rel}","templated":true}]}}