{"id":118,"date":"2025-02-10T21:58:46","date_gmt":"2025-02-10T20:58:46","guid":{"rendered":"https:\/\/wp.ecole-ndlc.be\/?page_id=118"},"modified":"2025-11-26T20:28:18","modified_gmt":"2025-11-26T19:28:18","slug":"une-a-p-a-notre-dame-de-la-consolation","status":"publish","type":"page","link":"https:\/\/wp.ecole-ndlc.be\/index.php\/une-a-p-a-notre-dame-de-la-consolation\/","title":{"rendered":"Association des parents"},"content":{"rendered":"\n<h2 class=\"wp-block-heading\">Une Association des Parents \u00e0 Notre Dame de la Consolation ?<\/h2>\n\n\n\n<p><\/p>\n\n\n\n<div class=\"wp-block-buttons is-layout-flex wp-block-buttons-is-layout-flex\">\n<div class=\"wp-block-button\"><a class=\"wp-block-button__link wp-element-button\">Conf\u00e9rence : 15 outils pour faire ses devoirs dans la bonne humeur !<\/a><\/div>\n<\/div>\n\n\n\n<div>\n<p class=\"Standard\"><span lang=\"FR\">&nbsp;<\/span><\/p>\n<p class=\"Standard\"><span lang=\"FR\"><strong>Pour qui&nbsp;<\/strong>? Pour vous et vos enfants.<\/span><\/p>\n<p class=\"Standard\"><span lang=\"FR\"><strong>Pourquoi<\/strong>&nbsp;? Parce que nous sommes une composante importante de la communaut\u00e9 \u00e9ducative&nbsp;;<br><\/span><span lang=\"FR\">parce que nous sommes concern\u00e9s par le devenir de nos enfants et de leur \u00e9cole&nbsp;; parce que nous voulons \u00eatre un partenaire actif aux c\u00f4t\u00e9s de nos enfants, de leurs enseignants et de la direction.<\/span>&nbsp;<\/p>\n<p class=\"Standard\"><span lang=\"FR\"><strong>Comment&nbsp;<\/strong>? Par votre participation active sous diff\u00e9rentes formes&nbsp;: en prenant part aux f\u00eates et manifestations organis\u00e9es par l&rsquo;\u00e9cole, en \u00e9tant pr\u00e9sent aux journ\u00e9es bricolage, en r\u00e9pondant pr\u00e9sent aux r\u00e9unions de Parents, en r\u00e9pondant de mani\u00e8re ponctuelle \u00e0 des demandes d&rsquo;aide concr\u00e8tes,&#8230;<\/span><\/p>\n<p>&nbsp;<\/p>\n<p class=\"Standard\"><span lang=\"FR\">Nous avons besoin de votre aide, de votre soutien, de vos id\u00e9es&#8230; en bref, de votre Participation&nbsp;!<\/span><\/p>\n<p class=\"Standard\"><span lang=\"FR\">Si vous \u00eates pr\u00eats \u00e0 nous donner un coup de main, n&rsquo;h\u00e9sitez pas \u00e0 contacter &nbsp;Fr\u00e9d\u00e9ric Tits (Pr\u00e9sident), Marie Stricknesse (Secr\u00e9taire) ou Sandra Pacheco (Tr\u00e9sori\u00e8re) ou envoyez nous un mail \u00e0 l&rsquo;adresse&nbsp;<span id=\"cloakb989535d9d85974a221badbdfe80d50c\"><a href=\"mailto:parents@ecole-ndlc.be\">parents@ecole-ndlc.be<\/a><\/span><\/span><\/p>\n<p class=\"Standard\">&nbsp;<\/p>\n<\/div>\n\n\n\n<p><\/p>\n","protected":false},"excerpt":{"rendered":"<p>Une Association des Parents \u00e0 Notre Dame de la Consolation ? &nbsp; Pour qui&nbsp;? Pour [&hellip;]<\/p>\n","protected":false},"author":2,"featured_media":0,"parent":0,"menu_order":0,"comment_status":"closed","ping_status":"closed","template":"","meta":{"footnotes":""},"class_list":["post-118","page","type-page","status-publish","hentry"],"_links":{"self":[{"href":"https:\/\/wp.ecole-ndlc.be\/index.php\/wp-json\/wp\/v2\/pages\/118","targetHints":{"allow":["GET"]}}],"collection":[{"href":"https:\/\/wp.ecole-ndlc.be\/index.php\/wp-json\/wp\/v2\/pages"}],"about":[{"href":"https:\/\/wp.ecole-ndlc.be\/index.php\/wp-json\/wp\/v2\/types\/page"}],"author":[{"embeddable":true,"href":"https:\/\/wp.ecole-ndlc.be\/index.php\/wp-json\/wp\/v2\/users\/2"}],"replies":[{"embeddable":true,"href":"https:\/\/wp.ecole-ndlc.be\/index.php\/wp-json\/wp\/v2\/comments?post=118"}],"version-history":[{"count":7,"href":"https:\/\/wp.ecole-ndlc.be\/index.php\/wp-json\/wp\/v2\/pages\/118\/revisions"}],"predecessor-version":[{"id":699,"href":"https:\/\/wp.ecole-ndlc.be\/index.php\/wp-json\/wp\/v2\/pages\/118\/revisions\/699"}],"wp:attachment":[{"href":"https:\/\/wp.ecole-ndlc.be\/index.php\/wp-json\/wp\/v2\/media?parent=118"}],"curies":[{"name":"wp","href":"https:\/\/api.w.org\/{rel}","templated":true}]}}